{"id":3254,"date":"2024-12-20T08:41:31","date_gmt":"2024-12-20T08:41:31","guid":{"rendered":"https:\/\/arsmusic.pl\/?page_id=3254"},"modified":"2025-06-16T13:27:39","modified_gmt":"2025-06-16T11:27:39","slug":"o-mnie","status":"publish","type":"page","link":"https:\/\/arsmusic.pl\/index.php\/o-mnie\/","title":{"rendered":"O MNIE"},"content":{"rendered":"<div  class='flex_column av-2cz1yu-2e2adaa44b38e1119c85499fc1f50b75 av_two_third  avia-builder-el-0  el_before_av_one_third  avia-builder-el-first  first flex_column_div  '     ><p>\n<style type=\"text\/css\" data-created_by=\"avia_inline_auto\" id=\"style-css-av-m4wjrbts-2a112cd3358cc32e2c802e6c5f025618\">\n#top .av-special-heading.av-m4wjrbts-2a112cd3358cc32e2c802e6c5f025618{\npadding-bottom:10px;\n}\nbody .av-special-heading.av-m4wjrbts-2a112cd3358cc32e2c802e6c5f025618 .av-special-heading-tag .heading-char{\nfont-size:25px;\n}\n.av-special-heading.av-m4wjrbts-2a112cd3358cc32e2c802e6c5f025618 .av-subheading{\nfont-size:15px;\n}\n<\/style>\n<div  class='av-special-heading av-m4wjrbts-2a112cd3358cc32e2c802e6c5f025618 av-special-heading-h2 blockquote elegant-quote elegant-centered  avia-builder-el-1  el_before_av_textblock  avia-builder-el-first '><h2 class='av-special-heading-tag '  itemprop=\"headline\"  ><span class=\"heading-wrap\">AGATA RUMI\u0143SKA-SULENTA<\/span><\/h2><div class='av-subheading av-subheading_below'><p>MEZZOSOPRAN<\/p>\n<\/div><div class=\"special-heading-border\"><div class=\"special-heading-inner-border\"><\/div><\/div><\/div><br \/>\n<section  class='av_textblock_section av-m4wi43co-96d5fdb0356d8d9251a3f0ef8b535571 '   itemscope=\"itemscope\" itemtype=\"https:\/\/schema.org\/CreativeWork\" ><div class='avia_textblock'  itemprop=\"text\" ><p style=\"text-align: justify;\">\n<p style=\"text-indent: 50px; text-align: justify;\">\u015apiewaczka operowa m\u0142odego pokolenia obdarzona wyj\u0105tkowym talentem aktorskim oraz wspania\u0142ym, o niespotykanej barwie g\u0142osem. Urodzona w Lublinie, mieszka i pracuje w Warszawie. Jest absolwentk\u0105 Szko\u0142y Muzycznej im. Tadeusza Szeligowskiego w Lublinie w klasie skrzypiec (\u20182009) oraz klasie \u015bpiewu solowego (\u20182015). Kszta\u0142c\u0105c swoje umiej\u0119tno\u015bci wokalne uko\u0144czy\u0142a studia na Wydziale Wokalno-Aktorskim Akademii Muzycznej w Krakowie w klasie prof. Olgi Popowicz (\u20182018) oraz na Wydziale Wokalno-Aktorskim Uniwersytetu Muzycznego Fryderyka Chopina w Warszawie, w klasie \u015bpiewu prof. Ewy I\u017cykowskiej-Lipi\u0144skiej w specjalno\u015bci \u015bpiew solowy \u2013 opera; dyplom z wyr\u00f3\u017cnieniem (\u20182020).<\/p>\n<p style=\"text-align: justify;\">\n<p style=\"text-indent: 50px; text-align: justify;\">Dzi\u0119ki niezwyczajnej pracowito\u015bci ju\u017c w 2018r. wcieli\u0142a si\u0119 w posta\u0107 Pepy w operze \u201eGoyescas\u201d Enrique Granadosa na Uniwersytecie Muzycznym Fryderyka Chopina w Warszawie. W maju 2019r. wyst\u0105pi\u0142a w roli Jadwigi w operze \u201eStraszny Dw\u00f3r\u201d Stanis\u0142awa Moniuszki z towarzyszeniem Orkiestry Filharmonii Podkarpackiej pod batut\u0105 Marty Kluczy\u0144skiej, natomiast we wrze\u015bniu 2019r. t\u0105 sam\u0105 parti\u0119 wykona\u0142a z towarzyszeniem P\u0142ockiej Orkiestry Symfonicznej pod batut\u0105 Janusza Przybylskiego. W listopadzie 2019r. wsp\u00f3\u0142tworzy\u0142a jako solistka wykonanie \u201eMszy \u017ca\u0142obnej g-moll\u201d oraz \u201eMszy Piotrowi\u0144skiej\u201d St. Moniuszki na \u201eFestiwalu Muzyki Sakralnej Stanis\u0142awa Moniuszki\u201d w Warszawie (dyr. Borys Somerschaf, organy: Piotr Wilczy\u0144ski) oraz wyst\u0105pi\u0142a w roli Jadwigi w operze \u201eStraszny Dw\u00f3r\u201d St. Moniuszki w Teatrze Wielkim \u2013 Operze Narodowej w Warszawie; koprodukcja z UMFC, re\u017c. Ryszard Cie\u015bla, dyr. Janusz Przybylski, przygotowanie muzyczne prof. Ryszard Karczykowski. W maju 2019r. wyst\u0119powa\u0142a z Orkiestr\u0105 Symfoniczn\u0105 Filharmonii im. Henryka Wieniawskiego w Lublinie (dyr. Wojciech Rodek). W grudniu 2019r. wzi\u0119\u0142a udzia\u0142 w trasie koncertowej po Chinach wykonuj\u0105c parti\u0119 Jadwigi w operze \u201eStraszny Dw\u00f3r\u201d St. Moniuszki na scenach w Changchun, Changsha, Wuhan i Pekinie. W lutym 2020r. t\u0105 sam\u0105 parti\u0119 wykona\u0142a w Filharmonii \u015awi\u0119tokrzyskiej im. Oskara Kolberga w Kielcach (dyr. Marta Kluczy\u0144ska).<\/p>\n<\/div><\/section><\/p><\/div><div  class='flex_column av-9nkpra-a71b1005bca5ccddaa4b8ed2ab835ecf av_one_third  avia-builder-el-3  el_after_av_two_third  el_before_av_one_third  flex_column_div  '     ><div  class='avia-slideshow av-m4wjpovl-81bfd25427a1eedaa63f647462e5e358 avia-slideshow-no scaling av_slideshow avia-slide-slider  avia-builder-el-4  avia-builder-el-no-sibling  av-slideshow-ui av-control-default av-slideshow-manual av-loop-once av-loop-manual-endless av-default-height-applied avia-slideshow-1' data-slideshow-options=\"{&quot;animation&quot;:&quot;slide&quot;,&quot;autoplay&quot;:false,&quot;loop_autoplay&quot;:&quot;once&quot;,&quot;interval&quot;:5,&quot;loop_manual&quot;:&quot;manual-endless&quot;,&quot;autoplay_stopper&quot;:false,&quot;noNavigation&quot;:false,&quot;bg_slider&quot;:false,&quot;keep_padding&quot;:false,&quot;hoverpause&quot;:false,&quot;show_slide_delay&quot;:0}\"  itemprop=\"image\" itemscope=\"itemscope\" itemtype=\"https:\/\/schema.org\/ImageObject\" ><ul class='avia-slideshow-inner ' style='padding-bottom: 149.97070884593%;'><li  class='avia-slideshow-slide av-m4wjpovl-81bfd25427a1eedaa63f647462e5e358__0  av-single-slide slide-1 slide-odd'><div data-rel='slideshow-1' class='avia-slide-wrap '   ><img decoding=\"async\" fetchpriority=\"high\" class=\"wp-image-570 avia-img-lazy-loading-not-570\"  src=\"https:\/\/arsmusic.pl\/wp-content\/uploads\/2024\/12\/IMG_8809-2-scaled.jpg\" width=\"1707\" height=\"2560\" title='Fot. Mateusz \u017baboklicki' alt='portret'  itemprop=\"thumbnailUrl\" srcset=\"https:\/\/arsmusic.pl\/wp-content\/uploads\/2024\/12\/IMG_8809-2-scaled.jpg 1707w, https:\/\/arsmusic.pl\/wp-content\/uploads\/2024\/12\/IMG_8809-2-200x300.jpg 200w, https:\/\/arsmusic.pl\/wp-content\/uploads\/2024\/12\/IMG_8809-2-687x1030.jpg 687w, https:\/\/arsmusic.pl\/wp-content\/uploads\/2024\/12\/IMG_8809-2-768x1152.jpg 768w, https:\/\/arsmusic.pl\/wp-content\/uploads\/2024\/12\/IMG_8809-2-1024x1536.jpg 1024w, https:\/\/arsmusic.pl\/wp-content\/uploads\/2024\/12\/IMG_8809-2-1366x2048.jpg 1366w, https:\/\/arsmusic.pl\/wp-content\/uploads\/2024\/12\/IMG_8809-2-1000x1500.jpg 1000w, https:\/\/arsmusic.pl\/wp-content\/uploads\/2024\/12\/IMG_8809-2-470x705.jpg 470w, https:\/\/arsmusic.pl\/wp-content\/uploads\/2024\/12\/IMG_8809-2-450x675.jpg 450w, https:\/\/arsmusic.pl\/wp-content\/uploads\/2024\/12\/IMG_8809-2-600x900.jpg 600w\" sizes=\"(max-width: 1707px) 100vw, 1707px\" \/><\/div><\/li><\/ul><\/div><\/div><\/p>\n<div  class='flex_column av-619sau-f7331fec0aefa7b937183a0745b71d3d av_one_third  avia-builder-el-5  el_after_av_one_third  el_before_av_two_third  first flex_column_div  column-top-margin'     ><div  class='avia-slideshow av-m4wjwb89-e0c5c5475d5056ff4d62eedd74ce3ffb avia-slideshow-no scaling av_slideshow avia-slide-slider  avia-builder-el-6  avia-builder-el-no-sibling  av-slideshow-ui av-control-default av-slideshow-manual av-loop-once av-loop-manual-endless av-default-height-applied avia-slideshow-2' data-slideshow-options=\"{&quot;animation&quot;:&quot;slide&quot;,&quot;autoplay&quot;:false,&quot;loop_autoplay&quot;:&quot;once&quot;,&quot;interval&quot;:5,&quot;loop_manual&quot;:&quot;manual-endless&quot;,&quot;autoplay_stopper&quot;:false,&quot;noNavigation&quot;:false,&quot;bg_slider&quot;:false,&quot;keep_padding&quot;:false,&quot;hoverpause&quot;:false,&quot;show_slide_delay&quot;:0}\"  itemprop=\"image\" itemscope=\"itemscope\" itemtype=\"https:\/\/schema.org\/ImageObject\" ><ul class='avia-slideshow-inner ' style='padding-bottom: 149.92503748126%;'><li  class='avia-slideshow-slide av-m4wjwb89-e0c5c5475d5056ff4d62eedd74ce3ffb__0  av-single-slide slide-1 slide-odd'><div data-rel='slideshow-2' class='avia-slide-wrap '   ><img decoding=\"async\" fetchpriority=\"high\" class=\"wp-image-573 avia-img-lazy-loading-not-573\"  src=\"https:\/\/arsmusic.pl\/wp-content\/uploads\/2024\/12\/IMG_9056.jpg\" width=\"667\" height=\"1000\" title='Fot. Mateusz \u017baboklicki' alt='portret'  itemprop=\"thumbnailUrl\" srcset=\"https:\/\/arsmusic.pl\/wp-content\/uploads\/2024\/12\/IMG_9056.jpg 667w, https:\/\/arsmusic.pl\/wp-content\/uploads\/2024\/12\/IMG_9056-200x300.jpg 200w, https:\/\/arsmusic.pl\/wp-content\/uploads\/2024\/12\/IMG_9056-470x705.jpg 470w, https:\/\/arsmusic.pl\/wp-content\/uploads\/2024\/12\/IMG_9056-450x675.jpg 450w, https:\/\/arsmusic.pl\/wp-content\/uploads\/2024\/12\/IMG_9056-600x900.jpg 600w\" sizes=\"(max-width: 667px) 100vw, 667px\" \/><\/div><\/li><\/ul><\/div><\/div>\n<div  class='flex_column av-2aylxy-37c1ebe027e063dc77098becd2e9d25e av_two_third  avia-builder-el-7  el_after_av_one_third  avia-builder-el-last  flex_column_div  column-top-margin'     ><section  class='av_textblock_section av-m4wjvdr2-800c783a7488c0b37249232ef751bed8 '   itemscope=\"itemscope\" itemtype=\"https:\/\/schema.org\/CreativeWork\" ><div class='avia_textblock'  itemprop=\"text\" ><p style=\"text-align: justify;\">\n<p style=\"text-indent: 50px; text-align: justify;\">Artystka jest finalistk\u0105 i laureatk\u0105 cenionych konkurs\u00f3w wokalnych m. in.: im. Felicji Krysiewicz w Bydgoszczy, Turnieju Muzyki Oskara Kolberga w Lublinie, Mi\u0119dzynarodowego Konkursu Wokalnego \u201eViva Calisia\u201d w Kaliszu. Bra\u0142a udzia\u0142 w Mi\u0119dzynarodowych Warsztatach Muzycznych \u2013 \u201eWiden European Cooperation Net\u201d Na\u0142\u0119cz\u00f3w &#8211; Kazimierz Dolny &#8211; Lublin oraz Massafra &#8211; W\u0142ochy (\u20182014), Mi\u0119dzynarodowym Festiwalu \u201eII Krak\u00f3w Bach Fesiwal\u201d, Festiwalu \u201eV Dni Muzyki w Kurowie\u201d wsp\u00f3\u0142tworz\u0105c wykonanie \u201eRequiem op.48\u2033 Gabriela Faure, w serii koncert\u00f3w z cyklu \u201eNa\u0142\u0119czowska Scena M\u0142odych Talent\u00f3w\u201d organizowanych przez Filharmoni\u0119 im. Henryka Wieniawskiego w Lublinie. By\u0142a go\u015bciem specjalnym \u201eXX Mi\u0119dzynarodowego Festiwalu Pianistycznego w Na\u0142\u0119czowie\u201d (\u20182018). Jako solistka wyst\u0119powa\u0142a w przedsi\u0119wzi\u0119ciach muzycznych realizowanych przez szereg cenionych polskich instytucji kultury m.in.: Filharmoni\u0119 Podkarpack\u0105 im. A. Malawskiego w Rzeszowie, Filharmoni\u0119 \u015awi\u0119tokrzysk\u0105 im. Oskara Kolberga w Kielcach, Centrum Spotkania Kultur w Lublinie, Europejskie Centrum Muzyki Krzysztofa Pendereckiego w Lus\u0142awicach, a tak\u017ce Filharmoni\u0119 Narodow\u0105 w Warszawie. Wyst\u0119powa\u0142a r\u00f3wnie\u017c we W\u0142oszech, Austrii oraz Chinach.<\/p>\n<p style=\"text-align: justify;\">\n<p style=\"text-indent: 50px; text-align: justify;\">W swoim przebogatym repertuarze zgromadzi\u0142a role operowe, arie i pie\u015bni oraz znane i lubiane \u015bwiatowe przeboje muzyki powa\u017cnej. Opr\u00f3cz kreacji scenicznych bierze udzia\u0142 w koncertach i galach okoliczno\u015bciowych. Wa\u017cne miejsce w jej dzia\u0142alno\u015bci zajmuje muzyka sakralna. Uczestniczy\u0142a w nagraniach muzyki cennych kulturowo, najpi\u0119kniejszych polskich nabo\u017ce\u0144stw. Wykona\u0142a partie solowe \u2013 mezzosopran w pie\u015bniach i Litanii wydanych na p\u0142ycie \u201eB\u0105d\u017amy \u015bwiadkami Mi\u0142osierdzia\u201d (Wydawnictwo Muzyczne POLIHYMNIA \u20182013). Z sukcesami wyst\u0119powa\u0142a w transmitowanych na \u017cywo i rejestrowanych do odtworzenia programach radiowych i telewizyjnych.<\/p>\n<p style=\"text-align: justify;\">\n<p style=\"text-indent: 50px; text-align: justify;\">W sezonie artystycznym 2021\/2022 rozpocz\u0119\u0142a jako solistka, trwaj\u0105c\u0105 do dzi\u015b, wsp\u00f3\u0142prac\u0119 z Filharmoni\u0105 Narodow\u0105 w Warszawie.<\/p>\n<p style=\"text-align: justify;\">\n<p style=\"text-indent: 50px; text-align: justify;\">W maju 2022r. zosta\u0142a stypendystk\u0105 Marsza\u0142ka Wojew\u00f3dztwa Lubelskiego w kategorii \u201eM\u0142ody Tw\u00f3rca Kultury\u201d.<\/p>\n<p style=\"text-align: justify;\">\n<p style=\"text-indent: 50px; text-align: justify;\">W roku 2022 zosta\u0142a producentem swojej pierwszej solowej p\u0142yty pt. \u201eMro\u017ana Cisza Polish Carols\u201d. Wydawnictwo w formie albumowej, dzi\u0119ki uzyskanym walorom muzycznym, repertuarowym,\u00a0 oraz edytorskim zosta\u0142o z zainteresowaniem przyj\u0119te na rynku muzycznym i trafi\u0142o do serc meloman\u00f3w na ca\u0142ym \u015bwiecie. W grudniu 2022 roku doby\u0142a si\u0119 jego premiera telewizyjna \u2013 wielokrotnie emitowany na polskich i zagranicznych antenach telewizyjnych koncert pt. \u201eSta\u0142a nam si\u0119 nowina mi\u0142a\u2026\u201d.<\/p>\n<\/div><\/section><\/div>\n","protected":false},"excerpt":{"rendered":"","protected":false},"author":1,"featured_media":0,"parent":0,"menu_order":0,"comment_status":"closed","ping_status":"closed","template":"","meta":{"footnotes":""},"class_list":["post-3254","page","type-page","status-publish","hentry"],"_links":{"self":[{"href":"https:\/\/arsmusic.pl\/index.php\/wp-json\/wp\/v2\/pages\/3254","targetHints":{"allow":["GET"]}}],"collection":[{"href":"https:\/\/arsmusic.pl\/index.php\/wp-json\/wp\/v2\/pages"}],"about":[{"href":"https:\/\/arsmusic.pl\/index.php\/wp-json\/wp\/v2\/types\/page"}],"author":[{"embeddable":true,"href":"https:\/\/arsmusic.pl\/index.php\/wp-json\/wp\/v2\/users\/1"}],"replies":[{"embeddable":true,"href":"https:\/\/arsmusic.pl\/index.php\/wp-json\/wp\/v2\/comments?post=3254"}],"version-history":[{"count":23,"href":"https:\/\/arsmusic.pl\/index.php\/wp-json\/wp\/v2\/pages\/3254\/revisions"}],"predecessor-version":[{"id":4179,"href":"https:\/\/arsmusic.pl\/index.php\/wp-json\/wp\/v2\/pages\/3254\/revisions\/4179"}],"wp:attachment":[{"href":"https:\/\/arsmusic.pl\/index.php\/wp-json\/wp\/v2\/media?parent=3254"}],"curies":[{"name":"wp","href":"https:\/\/api.w.org\/{rel}","templated":true}]}}