{"id":3294,"date":"2024-12-20T09:52:02","date_gmt":"2024-12-20T09:52:02","guid":{"rendered":"https:\/\/arsmusic.pl\/?page_id=3294"},"modified":"2025-05-08T10:28:24","modified_gmt":"2025-05-08T08:28:24","slug":"video","status":"publish","type":"page","link":"https:\/\/arsmusic.pl\/index.php\/video\/","title":{"rendered":"Video"},"content":{"rendered":"\n<style type=\"text\/css\" data-created_by=\"avia_inline_auto\" id=\"style-css-av-m4wk0mcv-20e0ecd2b637de6b44e9e2bca7185ba5\">\n#top .av-special-heading.av-m4wk0mcv-20e0ecd2b637de6b44e9e2bca7185ba5{\npadding-bottom:5px;\ncolor:#333333;\n}\nbody .av-special-heading.av-m4wk0mcv-20e0ecd2b637de6b44e9e2bca7185ba5 .av-special-heading-tag .heading-char{\nfont-size:25px;\n}\n.av-special-heading.av-m4wk0mcv-20e0ecd2b637de6b44e9e2bca7185ba5 .special-heading-inner-border{\nborder-color:#333333;\n}\n.av-special-heading.av-m4wk0mcv-20e0ecd2b637de6b44e9e2bca7185ba5 .av-subheading{\nfont-size:15px;\n}\n<\/style>\n<div  class='av-special-heading av-m4wk0mcv-20e0ecd2b637de6b44e9e2bca7185ba5 av-special-heading-h1 custom-color-heading blockquote modern-quote  avia-builder-el-0  el_before_av_blog  avia-builder-el-first '><h1 class='av-special-heading-tag '  itemprop=\"headline\"  >VIDEO<\/h1><div class=\"special-heading-border\"><div class=\"special-heading-inner-border\"><\/div><\/div><\/div>\n<div  data-slideshow-options=\"{&quot;animation&quot;:&quot;fade&quot;,&quot;autoplay&quot;:false,&quot;loop_autoplay&quot;:&quot;once&quot;,&quot;interval&quot;:5,&quot;loop_manual&quot;:&quot;manual-endless&quot;,&quot;autoplay_stopper&quot;:false,&quot;noNavigation&quot;:false,&quot;show_slide_delay&quot;:90}\" class='avia-content-slider avia-content-grid-active avia-content-slider1 avia-content-slider-even  avia-builder-el-1  el_after_av_heading  el_before_av_heading  av-slideshow-ui av-control-default   av-no-slider-navigation av-slideshow-manual av-loop-once av-loop-manual-endless '  itemscope=\"itemscope\" itemtype=\"https:\/\/schema.org\/Blog\" ><div class=\"avia-content-slider-inner\"><div class=\"slide-entry-wrap\"><article class='slide-entry flex_column  post-entry post-entry-3878 slide-entry-overview slide-loop-1 slide-parity-odd  av_one_fourth first real-thumbnail posttype-post post-format-standard'  itemscope=\"itemscope\" itemtype=\"https:\/\/schema.org\/CreativeWork\" ><a href='https:\/\/arsmusic.pl\/index.php\/2025\/01\/20\/koncert-telewizyjny-stala-nam-sie-nowina-mila\/' data-rel='slide-1' class='slide-image' title='Koncert telewizyjny \u201eSta\u0142a nam si\u0119 nowina mi\u0142a \u2026\u201d'><img decoding=\"async\" fetchpriority=\"high\" width=\"260\" height=\"185\" src=\"https:\/\/arsmusic.pl\/wp-content\/uploads\/2022\/12\/orchestra-3440397_1280-260x185.jpg\" class=\"wp-image-3785 avia-img-lazy-loading-not-3785 attachment-portfolio_small size-portfolio_small wp-post-image\" alt=\"\" \/><\/a><div class=\"slide-content\"><header class=\"entry-content-header\" aria-label=\"Slide: Koncert telewizyjny \u201eSta\u0142a nam si\u0119 nowina mi\u0142a \u2026\u201d\"><h3 class='slide-entry-title entry-title '  itemprop=\"headline\" ><a href='https:\/\/arsmusic.pl\/index.php\/2025\/01\/20\/koncert-telewizyjny-stala-nam-sie-nowina-mila\/' title='Koncert telewizyjny \u201eSta\u0142a nam si\u0119 nowina mi\u0142a \u2026\u201d'>Koncert telewizyjny \u201eSta\u0142a nam si\u0119 nowina mi\u0142a \u2026\u201d<\/a><\/h3><span class=\"av-vertical-delimiter\"><\/span><\/header><div class=\"slide-meta\"><time class='slide-meta-time updated'  itemprop=\"datePublished\" datetime=\"2025-01-20T09:55:16+01:00\" >20\/01\/2025<\/time><\/div><div class='slide-entry-excerpt entry-content'  itemprop=\"text\" >\nKoncert telewizyjny \"Sta\u0142a nam si\u0119 nowina mi\u0142a ...\"\u00a0 w wykonaniu\u2026<\/div><\/div><footer class=\"entry-footer\"><\/footer><span class='hidden'>\n\t\t\t\t<span class='av-structured-data'  itemprop=\"image\" itemscope=\"itemscope\" itemtype=\"https:\/\/schema.org\/ImageObject\" >\n\t\t\t\t\t\t<span itemprop='url'>https:\/\/arsmusic.pl\/wp-content\/uploads\/2022\/12\/orchestra-3440397_1280.jpg<\/span>\n\t\t\t\t\t\t<span itemprop='height'>853<\/span>\n\t\t\t\t\t\t<span itemprop='width'>1280<\/span>\n\t\t\t\t<\/span>\n\t\t\t\t<span class='av-structured-data'  itemprop=\"publisher\" itemtype=\"https:\/\/schema.org\/Organization\" itemscope=\"itemscope\" >\n\t\t\t\t\t\t<span itemprop='name'>admin<\/span>\n\t\t\t\t\t\t<span itemprop='logo' itemscope itemtype='https:\/\/schema.org\/ImageObject'>\n\t\t\t\t\t\t\t<span itemprop='url'>https:\/\/arsmusic.pl\/wp-content\/uploads\/2024\/12\/logo-white-2-300x138.png<\/span>\n\t\t\t\t\t\t<\/span>\n\t\t\t\t<\/span><span class='av-structured-data'  itemprop=\"author\" itemscope=\"itemscope\" itemtype=\"https:\/\/schema.org\/Person\" ><span itemprop='name'>admin<\/span><\/span><span class='av-structured-data'  itemprop=\"datePublished\" datetime=\"2024-12-20T09:52:02+01:00\" >2025-01-20 09:55:16<\/span><span class='av-structured-data'  itemprop=\"dateModified\" itemtype=\"https:\/\/schema.org\/dateModified\" >2025-05-08 10:27:21<\/span><span class='av-structured-data'  itemprop=\"mainEntityOfPage\" itemtype=\"https:\/\/schema.org\/mainEntityOfPage\" ><span itemprop='name'>Koncert telewizyjny \u201eSta\u0142a nam si\u0119 nowina mi\u0142a \u2026\u201d<\/span><\/span><\/span><\/article><article class='slide-entry flex_column  post-entry post-entry-3876 slide-entry-overview slide-loop-2 slide-parity-even  post-entry-last  av_one_fourth  real-thumbnail posttype-post post-format-standard'  itemscope=\"itemscope\" itemtype=\"https:\/\/schema.org\/CreativeWork\" ><a href='https:\/\/arsmusic.pl\/index.php\/2025\/01\/20\/straszny-dwor\/' data-rel='slide-1' class='slide-image' title='Straszny Dw\u00f3r'><img decoding=\"async\" fetchpriority=\"high\" width=\"260\" height=\"185\" src=\"https:\/\/arsmusic.pl\/wp-content\/uploads\/2022\/12\/orchestra-3440397_1280-260x185.jpg\" class=\"wp-image-3785 avia-img-lazy-loading-not-3785 attachment-portfolio_small size-portfolio_small wp-post-image\" alt=\"\" \/><\/a><div class=\"slide-content\"><header class=\"entry-content-header\" aria-label=\"Slide: Straszny Dw\u00f3r\"><h3 class='slide-entry-title entry-title '  itemprop=\"headline\" ><a href='https:\/\/arsmusic.pl\/index.php\/2025\/01\/20\/straszny-dwor\/' title='Straszny Dw\u00f3r'>Straszny Dw\u00f3r<\/a><\/h3><span class=\"av-vertical-delimiter\"><\/span><\/header><div class=\"slide-meta\"><time class='slide-meta-time updated'  itemprop=\"datePublished\" datetime=\"2025-01-20T09:51:05+01:00\" >20\/01\/2025<\/time><\/div><div class='slide-entry-excerpt entry-content'  itemprop=\"text\" >\nStanis\u0142aw Moniuszko Dumka Jadwigi z II aktu op. Straszny Dw\u00f3r\u2026<\/div><\/div><footer class=\"entry-footer\"><\/footer><span class='hidden'>\n\t\t\t\t<span class='av-structured-data'  itemprop=\"image\" itemscope=\"itemscope\" itemtype=\"https:\/\/schema.org\/ImageObject\" >\n\t\t\t\t\t\t<span itemprop='url'>https:\/\/arsmusic.pl\/wp-content\/uploads\/2022\/12\/orchestra-3440397_1280.jpg<\/span>\n\t\t\t\t\t\t<span itemprop='height'>853<\/span>\n\t\t\t\t\t\t<span itemprop='width'>1280<\/span>\n\t\t\t\t<\/span>\n\t\t\t\t<span class='av-structured-data'  itemprop=\"publisher\" itemtype=\"https:\/\/schema.org\/Organization\" itemscope=\"itemscope\" >\n\t\t\t\t\t\t<span itemprop='name'>admin<\/span>\n\t\t\t\t\t\t<span itemprop='logo' itemscope itemtype='https:\/\/schema.org\/ImageObject'>\n\t\t\t\t\t\t\t<span itemprop='url'>https:\/\/arsmusic.pl\/wp-content\/uploads\/2024\/12\/logo-white-2-300x138.png<\/span>\n\t\t\t\t\t\t<\/span>\n\t\t\t\t<\/span><span class='av-structured-data'  itemprop=\"author\" itemscope=\"itemscope\" itemtype=\"https:\/\/schema.org\/Person\" ><span itemprop='name'>admin<\/span><\/span><span class='av-structured-data'  itemprop=\"datePublished\" datetime=\"2024-12-20T09:52:02+01:00\" >2025-01-20 09:51:05<\/span><span class='av-structured-data'  itemprop=\"dateModified\" itemtype=\"https:\/\/schema.org\/dateModified\" >2025-05-08 10:25:55<\/span><span class='av-structured-data'  itemprop=\"mainEntityOfPage\" itemtype=\"https:\/\/schema.org\/mainEntityOfPage\" ><span itemprop='name'>Straszny Dw\u00f3r<\/span><\/span><\/span><\/article><\/div><\/div><\/div>\n\n<style type=\"text\/css\" data-created_by=\"avia_inline_auto\" id=\"style-css-av-m5walmgk-8191c56c9abb6a82cb4c74572b8ee978\">\n#top .av-special-heading.av-m5walmgk-8191c56c9abb6a82cb4c74572b8ee978{\npadding-bottom:10px;\n}\nbody .av-special-heading.av-m5walmgk-8191c56c9abb6a82cb4c74572b8ee978 .av-special-heading-tag .heading-char{\nfont-size:25px;\n}\n.av-special-heading.av-m5walmgk-8191c56c9abb6a82cb4c74572b8ee978 .av-subheading{\nfont-size:15px;\n}\n<\/style>\n<div  class='av-special-heading av-m5walmgk-8191c56c9abb6a82cb4c74572b8ee978 av-special-heading-h2 blockquote elegant-quote elegant-centered  avia-builder-el-2  el_after_av_blog  el_before_av_textblock '><h2 class='av-special-heading-tag '  itemprop=\"headline\"  ><span class=\"heading-wrap\">Koncert <span class='special_amp'>&#8222;<\/span>Sta\u0142a nam si\u0119 nowina mi\u0142a &#8230;<span class='special_amp'>&#8221;<\/span><\/span><\/h2><div class=\"special-heading-border\"><div class=\"special-heading-inner-border\"><\/div><\/div><\/div>\n<section  class='av_textblock_section av-m5wamvoy-5fd93ded63b5aed400935618f9399806 '   itemscope=\"itemscope\" itemtype=\"https:\/\/schema.org\/CreativeWork\" ><div class='avia_textblock'  itemprop=\"text\" ><p style=\"text-align: justify;\">Koncert telewizyjny &#8222;Sta\u0142a nam si\u0119 nowina mi\u0142a &#8230;&#8221;\u00a0 w wykonaniu Agaty Rumi\u0144skiej-Sulenta mezzosopran z towarzyszeniem Ch\u00f3ru i Orkiestry Kameralnej IUBILAEUM oraz go\u015bcinnym udzia\u0142em Chrisa Cugowskiego.<\/p>\n<p style=\"text-align: justify;\"><a href=\"https:\/\/lublin.tvp.pl\/65287854\/stala-nam-sie-nowina-mila\">https:\/\/lublin.tvp.pl\/65287854\/stala-nam-sie-nowina-mila<\/a><\/p>\n<\/div><\/section>\n<div  class='hr av-3jku1q-756187fb8160bbc2fcae6662d6a916af hr-default  avia-builder-el-4  el_after_av_textblock  el_before_av_heading '><span class='hr-inner '><span class=\"hr-inner-style\"><\/span><\/span><\/div>\n\n<style type=\"text\/css\" data-created_by=\"avia_inline_auto\" id=\"style-css-av-m50uya3s-ccfad77ffc2aee764e310f8d97c60c4a\">\n#top .av-special-heading.av-m50uya3s-ccfad77ffc2aee764e310f8d97c60c4a{\npadding-bottom:10px;\n}\nbody .av-special-heading.av-m50uya3s-ccfad77ffc2aee764e310f8d97c60c4a .av-special-heading-tag .heading-char{\nfont-size:25px;\n}\n.av-special-heading.av-m50uya3s-ccfad77ffc2aee764e310f8d97c60c4a .av-subheading{\nfont-size:15px;\n}\n<\/style>\n<div  class='av-special-heading av-m50uya3s-ccfad77ffc2aee764e310f8d97c60c4a av-special-heading-h2 blockquote elegant-quote elegant-centered  avia-builder-el-5  el_after_av_hr  el_before_av_textblock '><h2 class='av-special-heading-tag '  itemprop=\"headline\"  ><span class=\"heading-wrap\">Straszny  Dw\u00f3r<\/span><\/h2><div class=\"special-heading-border\"><div class=\"special-heading-inner-border\"><\/div><\/div><\/div>\n<section  class='av_textblock_section av-m4wkms37-f1f428aef003a9466dd0dbfdad76bb4d '   itemscope=\"itemscope\" itemtype=\"https:\/\/schema.org\/CreativeWork\" ><div class='avia_textblock'  itemprop=\"text\" ><p style=\"text-align: justify;\">Stanis\u0142aw Moniuszko Dumka Jadwigi z II aktu op. Straszny Dw\u00f3r Agata Rumi\u0144ska (mezzosopran) z towarzyszeniem Orkiestry Filharmonii im. Henryka Wieniawskiego w Lublinie, pod batut\u0105 Wojciecha Rodka. Nagranie zarejestrowano w Centrum Spotkania Kultur w Lublinie, 2019.<\/p>\n<\/div><\/section>\n\n<style type=\"text\/css\" data-created_by=\"avia_inline_auto\" id=\"style-css-av-m4wkahai-2c8620ca2d0626f4a94ca51a1e92c603\">\n#top .hr.av-m4wkahai-2c8620ca2d0626f4a94ca51a1e92c603{\nmargin-top:30px;\nmargin-bottom:30px;\n}\n.hr.av-m4wkahai-2c8620ca2d0626f4a94ca51a1e92c603 .hr-inner{\nwidth:50px;\nmax-width:45%;\n}\n<\/style>\n<div  class='hr av-m4wkahai-2c8620ca2d0626f4a94ca51a1e92c603 hr-custom  avia-builder-el-7  el_after_av_textblock  el_before_av_video  hr-center hr-icon-yes'><span class='hr-inner inner-border-av-border-thin'><span class=\"hr-inner-style\"><\/span><\/span><span class='av-seperator-icon' aria-hidden='true' data-av_icon='\ue80d' data-av_iconfont='entypo-fontello'><\/span><span class='hr-inner inner-border-av-border-thin'><span class=\"hr-inner-style\"><\/span><\/span><\/div>\n<div  class='avia-video av-m50uwxqk-f0bd32dd9510125a3bb0b61f05a8459e avia-video-16-9 av-no-preview-image avia-video-load-always av-lazyload-immediate av-lazyload-video-embed'  itemprop=\"video\" itemtype=\"https:\/\/schema.org\/VideoObject\"  data-original_url='https:\/\/www.youtube.com\/watch?v=3sqitXmv1-c'><script type='text\/html' class='av-video-tmpl'><div class='avia-iframe-wrap'><iframe loading=\"lazy\" title=\"Stanis\u0142aw Moniuszko, Dumka Jadwigi z II aktu op. Straszny Dw\u00f3r (Agata Rumi\u0144ska)\" width=\"1500\" height=\"844\" src=\"https:\/\/www.youtube.com\/embed\/3sqitXmv1-c?feature=oembed&autoplay=0&loop=0&controls=1&mute=0\" frameborder=\"0\" allow=\"accelerometer; autoplay; clipboard-write; encrypted-media; gyroscope; picture-in-picture; web-share\" referrerpolicy=\"strict-origin-when-cross-origin\" allowfullscreen><\/iframe><\/div><\/script><div class='av-click-to-play-overlay'><div class=\"avia_playpause_icon\"><\/div><\/div><\/div>\n<div  class='hr av-2rco9a-9229264ee9ab0f15b400877e8d54fe39 hr-default  avia-builder-el-9  el_after_av_video  avia-builder-el-last '><span class='hr-inner '><span class=\"hr-inner-style\"><\/span><\/span><\/div>\n","protected":false},"excerpt":{"rendered":"","protected":false},"author":1,"featured_media":0,"parent":0,"menu_order":0,"comment_status":"closed","ping_status":"closed","template":"","meta":{"footnotes":""},"class_list":["post-3294","page","type-page","status-publish","hentry"],"_links":{"self":[{"href":"https:\/\/arsmusic.pl\/index.php\/wp-json\/wp\/v2\/pages\/3294","targetHints":{"allow":["GET"]}}],"collection":[{"href":"https:\/\/arsmusic.pl\/index.php\/wp-json\/wp\/v2\/pages"}],"about":[{"href":"https:\/\/arsmusic.pl\/index.php\/wp-json\/wp\/v2\/types\/page"}],"author":[{"embeddable":true,"href":"https:\/\/arsmusic.pl\/index.php\/wp-json\/wp\/v2\/users\/1"}],"replies":[{"embeddable":true,"href":"https:\/\/arsmusic.pl\/index.php\/wp-json\/wp\/v2\/comments?post=3294"}],"version-history":[{"count":27,"href":"https:\/\/arsmusic.pl\/index.php\/wp-json\/wp\/v2\/pages\/3294\/revisions"}],"predecessor-version":[{"id":4102,"href":"https:\/\/arsmusic.pl\/index.php\/wp-json\/wp\/v2\/pages\/3294\/revisions\/4102"}],"wp:attachment":[{"href":"https:\/\/arsmusic.pl\/index.php\/wp-json\/wp\/v2\/media?parent=3294"}],"curies":[{"name":"wp","href":"https:\/\/api.w.org\/{rel}","templated":true}]}}