{"id":3315,"date":"2024-12-20T10:27:11","date_gmt":"2024-12-20T10:27:11","guid":{"rendered":"https:\/\/arsmusic.pl\/?page_id=3315"},"modified":"2025-01-17T12:23:09","modified_gmt":"2025-01-17T12:23:09","slug":"prasa","status":"publish","type":"page","link":"https:\/\/arsmusic.pl\/index.php\/prasa\/","title":{"rendered":"Prasa"},"content":{"rendered":"\n<style type=\"text\/css\" data-created_by=\"avia_inline_auto\" id=\"style-css-av-m4wk0mcv-c9382cf2f8a67db5179710bfed38f088\">\n#top .av-special-heading.av-m4wk0mcv-c9382cf2f8a67db5179710bfed38f088{\npadding-bottom:10px;\ncolor:#333333;\n}\nbody .av-special-heading.av-m4wk0mcv-c9382cf2f8a67db5179710bfed38f088 .av-special-heading-tag .heading-char{\nfont-size:25px;\n}\n.av-special-heading.av-m4wk0mcv-c9382cf2f8a67db5179710bfed38f088 .special-heading-inner-border{\nborder-color:#333333;\n}\n.av-special-heading.av-m4wk0mcv-c9382cf2f8a67db5179710bfed38f088 .av-subheading{\nfont-size:15px;\n}\n<\/style>\n<div  class='av-special-heading av-m4wk0mcv-c9382cf2f8a67db5179710bfed38f088 av-special-heading-h1 custom-color-heading blockquote modern-quote  avia-builder-el-0  el_before_av_blog  avia-builder-el-first '><h1 class='av-special-heading-tag '  itemprop=\"headline\"  >PRASA<\/h1><div class=\"special-heading-border\"><div class=\"special-heading-inner-border\"><\/div><\/div><\/div>\n<div  data-slideshow-options=\"{&quot;animation&quot;:&quot;fade&quot;,&quot;autoplay&quot;:false,&quot;loop_autoplay&quot;:&quot;once&quot;,&quot;interval&quot;:5,&quot;loop_manual&quot;:&quot;manual-endless&quot;,&quot;autoplay_stopper&quot;:false,&quot;noNavigation&quot;:false,&quot;show_slide_delay&quot;:90}\" class='avia-content-slider avia-content-grid-active avia-content-slider1 avia-content-slider-odd  avia-builder-el-1  el_after_av_heading  avia-builder-el-last  av-slideshow-ui av-control-default   av-no-slider-navigation av-slideshow-manual av-loop-once av-loop-manual-endless '  itemscope=\"itemscope\" itemtype=\"https:\/\/schema.org\/Blog\" ><div class=\"avia-content-slider-inner\"><div class=\"slide-entry-wrap\"><article class='slide-entry flex_column  post-entry post-entry-3853 slide-entry-overview slide-loop-1 slide-parity-odd  av_one_third first real-thumbnail posttype-post post-format-standard'  itemscope=\"itemscope\" itemtype=\"https:\/\/schema.org\/CreativeWork\" ><a href='https:\/\/arsmusic.pl\/index.php\/2025\/01\/17\/lajf-magazyn-lubelski\/' data-rel='slide-1' class='slide-image' title='LAJF magazyn lubelski'><img decoding=\"async\" fetchpriority=\"high\" width=\"495\" height=\"400\" src=\"https:\/\/arsmusic.pl\/wp-content\/uploads\/2025\/01\/LAJF-magazyn-lubelski-495x400.jpg\" class=\"wp-image-4059 avia-img-lazy-loading-not-4059 attachment-portfolio size-portfolio wp-post-image\" alt=\"\" srcset=\"https:\/\/arsmusic.pl\/wp-content\/uploads\/2025\/01\/LAJF-magazyn-lubelski-495x400.jpg 495w, https:\/\/arsmusic.pl\/wp-content\/uploads\/2025\/01\/LAJF-magazyn-lubelski-845x684.jpg 845w\" sizes=\"(max-width: 495px) 100vw, 495px\" \/><\/a><div class=\"slide-content\"><header class=\"entry-content-header\" aria-label=\"Slide: LAJF magazyn lubelski\"><h3 class='slide-entry-title entry-title '  itemprop=\"headline\" ><a href='https:\/\/arsmusic.pl\/index.php\/2025\/01\/17\/lajf-magazyn-lubelski\/' title='LAJF magazyn lubelski'>LAJF magazyn lubelski<\/a><\/h3><span class=\"av-vertical-delimiter\"><\/span><\/header><div class=\"slide-meta\"><time class='slide-meta-time updated'  itemprop=\"datePublished\" datetime=\"2025-01-17T12:08:32+01:00\" >17\/01\/2025<\/time><\/div><div class='slide-entry-excerpt entry-content'  itemprop=\"text\" >\nhttps:\/\/www.facebook.com\/photo\/?fbid=621735306619407&amp;se\u2026<\/div><\/div><footer class=\"entry-footer\"><\/footer><span class='hidden'>\n\t\t\t\t<span class='av-structured-data'  itemprop=\"image\" itemscope=\"itemscope\" itemtype=\"https:\/\/schema.org\/ImageObject\" >\n\t\t\t\t\t\t<span itemprop='url'>https:\/\/arsmusic.pl\/wp-content\/uploads\/2025\/01\/LAJF-magazyn-lubelski-scaled.jpg<\/span>\n\t\t\t\t\t\t<span itemprop='height'>1707<\/span>\n\t\t\t\t\t\t<span itemprop='width'>2560<\/span>\n\t\t\t\t<\/span>\n\t\t\t\t<span class='av-structured-data'  itemprop=\"publisher\" itemtype=\"https:\/\/schema.org\/Organization\" itemscope=\"itemscope\" >\n\t\t\t\t\t\t<span itemprop='name'>admin<\/span>\n\t\t\t\t\t\t<span itemprop='logo' itemscope itemtype='https:\/\/schema.org\/ImageObject'>\n\t\t\t\t\t\t\t<span itemprop='url'>https:\/\/arsmusic.pl\/wp-content\/uploads\/2024\/12\/logo-white-2-300x138.png<\/span>\n\t\t\t\t\t\t<\/span>\n\t\t\t\t<\/span><span class='av-structured-data'  itemprop=\"author\" itemscope=\"itemscope\" itemtype=\"https:\/\/schema.org\/Person\" ><span itemprop='name'>admin<\/span><\/span><span class='av-structured-data'  itemprop=\"datePublished\" datetime=\"2024-12-20T10:27:11+01:00\" >2025-01-17 12:08:32<\/span><span class='av-structured-data'  itemprop=\"dateModified\" itemtype=\"https:\/\/schema.org\/dateModified\" >2025-05-08 10:14:09<\/span><span class='av-structured-data'  itemprop=\"mainEntityOfPage\" itemtype=\"https:\/\/schema.org\/mainEntityOfPage\" ><span itemprop='name'>LAJF magazyn lubelski<\/span><\/span><\/span><\/article><article class='slide-entry flex_column  post-entry post-entry-3848 slide-entry-overview slide-loop-2 slide-parity-even  av_one_third  real-thumbnail posttype-post post-format-standard'  itemscope=\"itemscope\" itemtype=\"https:\/\/schema.org\/CreativeWork\" ><a href='https:\/\/arsmusic.pl\/index.php\/2025\/01\/17\/portal-gosc-niedzielny-lubelski\/' data-rel='slide-1' class='slide-image' title='Portal Go\u015b\u0107 Niedzielny Lubelski'><img decoding=\"async\" fetchpriority=\"high\" width=\"495\" height=\"400\" src=\"https:\/\/arsmusic.pl\/wp-content\/uploads\/2025\/01\/Portal-Gosc-Niedzielny-Lubelski-495x400.jpg\" class=\"wp-image-4060 avia-img-lazy-loading-not-4060 attachment-portfolio size-portfolio wp-post-image\" alt=\"\" srcset=\"https:\/\/arsmusic.pl\/wp-content\/uploads\/2025\/01\/Portal-Gosc-Niedzielny-Lubelski-495x400.jpg 495w, https:\/\/arsmusic.pl\/wp-content\/uploads\/2025\/01\/Portal-Gosc-Niedzielny-Lubelski-845x684.jpg 845w\" sizes=\"(max-width: 495px) 100vw, 495px\" \/><\/a><div class=\"slide-content\"><header class=\"entry-content-header\" aria-label=\"Slide: Portal Go\u015b\u0107 Niedzielny Lubelski\"><h3 class='slide-entry-title entry-title '  itemprop=\"headline\" ><a href='https:\/\/arsmusic.pl\/index.php\/2025\/01\/17\/portal-gosc-niedzielny-lubelski\/' title='Portal Go\u015b\u0107 Niedzielny Lubelski'>Portal Go\u015b\u0107 Niedzielny Lubelski<\/a><\/h3><span class=\"av-vertical-delimiter\"><\/span><\/header><div class=\"slide-meta\"><time class='slide-meta-time updated'  itemprop=\"datePublished\" datetime=\"2025-01-17T12:04:34+01:00\" >17\/01\/2025<\/time><\/div><div class='slide-entry-excerpt entry-content'  itemprop=\"text\" >\nPortal Go\u015b\u0107 Niedzielny Lubelski\n\n\n\n\n<\/div><\/div><footer class=\"entry-footer\"><\/footer><span class='hidden'>\n\t\t\t\t<span class='av-structured-data'  itemprop=\"image\" itemscope=\"itemscope\" itemtype=\"https:\/\/schema.org\/ImageObject\" >\n\t\t\t\t\t\t<span itemprop='url'>https:\/\/arsmusic.pl\/wp-content\/uploads\/2025\/01\/Portal-Gosc-Niedzielny-Lubelski-scaled.jpg<\/span>\n\t\t\t\t\t\t<span itemprop='height'>1351<\/span>\n\t\t\t\t\t\t<span itemprop='width'>2560<\/span>\n\t\t\t\t<\/span>\n\t\t\t\t<span class='av-structured-data'  itemprop=\"publisher\" itemtype=\"https:\/\/schema.org\/Organization\" itemscope=\"itemscope\" >\n\t\t\t\t\t\t<span itemprop='name'>admin<\/span>\n\t\t\t\t\t\t<span itemprop='logo' itemscope itemtype='https:\/\/schema.org\/ImageObject'>\n\t\t\t\t\t\t\t<span itemprop='url'>https:\/\/arsmusic.pl\/wp-content\/uploads\/2024\/12\/logo-white-2-300x138.png<\/span>\n\t\t\t\t\t\t<\/span>\n\t\t\t\t<\/span><span class='av-structured-data'  itemprop=\"author\" itemscope=\"itemscope\" itemtype=\"https:\/\/schema.org\/Person\" ><span itemprop='name'>admin<\/span><\/span><span class='av-structured-data'  itemprop=\"datePublished\" datetime=\"2024-12-20T10:27:11+01:00\" >2025-01-17 12:04:34<\/span><span class='av-structured-data'  itemprop=\"dateModified\" itemtype=\"https:\/\/schema.org\/dateModified\" >2025-05-08 10:13:52<\/span><span class='av-structured-data'  itemprop=\"mainEntityOfPage\" itemtype=\"https:\/\/schema.org\/mainEntityOfPage\" ><span itemprop='name'>Portal Go\u015b\u0107 Niedzielny Lubelski<\/span><\/span><\/span><\/article><article class='slide-entry flex_column  post-entry post-entry-3851 slide-entry-overview slide-loop-3 slide-parity-odd  post-entry-last  av_one_third  real-thumbnail posttype-post post-format-standard'  itemscope=\"itemscope\" itemtype=\"https:\/\/schema.org\/CreativeWork\" ><a href='https:\/\/arsmusic.pl\/index.php\/2025\/01\/16\/portal-urzedu-miasta-ostroleka\/' data-rel='slide-1' class='slide-image' title='Portal Urz\u0119du Miasta Ostro\u0142\u0119ka'><img decoding=\"async\" fetchpriority=\"high\" width=\"495\" height=\"363\" src=\"https:\/\/arsmusic.pl\/wp-content\/uploads\/2025\/01\/Portal-Urzedu-Miasta-Ostroleka-495x363.jpg\" class=\"wp-image-4061 avia-img-lazy-loading-not-4061 attachment-portfolio size-portfolio wp-post-image\" alt=\"\" \/><\/a><div class=\"slide-content\"><header class=\"entry-content-header\" aria-label=\"Slide: Portal Urz\u0119du Miasta Ostro\u0142\u0119ka\"><h3 class='slide-entry-title entry-title '  itemprop=\"headline\" ><a href='https:\/\/arsmusic.pl\/index.php\/2025\/01\/16\/portal-urzedu-miasta-ostroleka\/' title='Portal Urz\u0119du Miasta Ostro\u0142\u0119ka'>Portal Urz\u0119du Miasta Ostro\u0142\u0119ka<\/a><\/h3><span class=\"av-vertical-delimiter\"><\/span><\/header><div class=\"slide-meta\"><time class='slide-meta-time updated'  itemprop=\"datePublished\" datetime=\"2025-01-16T00:00:00+01:00\" >16\/01\/2025<\/time><\/div><div class='slide-entry-excerpt entry-content'  itemprop=\"text\" >\nhttps:\/\/www.ostroleka.pl\/aktualnosci\/a\/operalia_-_koncert_f\u2026<\/div><\/div><footer class=\"entry-footer\"><\/footer><span class='hidden'>\n\t\t\t\t<span class='av-structured-data'  itemprop=\"image\" itemscope=\"itemscope\" itemtype=\"https:\/\/schema.org\/ImageObject\" >\n\t\t\t\t\t\t<span itemprop='url'>https:\/\/arsmusic.pl\/wp-content\/uploads\/2025\/01\/Portal-Urzedu-Miasta-Ostroleka.jpg<\/span>\n\t\t\t\t\t\t<span itemprop='height'>363<\/span>\n\t\t\t\t\t\t<span itemprop='width'>768<\/span>\n\t\t\t\t<\/span>\n\t\t\t\t<span class='av-structured-data'  itemprop=\"publisher\" itemtype=\"https:\/\/schema.org\/Organization\" itemscope=\"itemscope\" >\n\t\t\t\t\t\t<span itemprop='name'>admin<\/span>\n\t\t\t\t\t\t<span itemprop='logo' itemscope itemtype='https:\/\/schema.org\/ImageObject'>\n\t\t\t\t\t\t\t<span itemprop='url'>https:\/\/arsmusic.pl\/wp-content\/uploads\/2024\/12\/logo-white-2-300x138.png<\/span>\n\t\t\t\t\t\t<\/span>\n\t\t\t\t<\/span><span class='av-structured-data'  itemprop=\"author\" itemscope=\"itemscope\" itemtype=\"https:\/\/schema.org\/Person\" ><span itemprop='name'>admin<\/span><\/span><span class='av-structured-data'  itemprop=\"datePublished\" datetime=\"2024-12-20T10:27:11+01:00\" >2025-01-16 00:00:00<\/span><span class='av-structured-data'  itemprop=\"dateModified\" itemtype=\"https:\/\/schema.org\/dateModified\" >2025-05-08 11:21:21<\/span><span class='av-structured-data'  itemprop=\"mainEntityOfPage\" itemtype=\"https:\/\/schema.org\/mainEntityOfPage\" ><span itemprop='name'>Portal Urz\u0119du Miasta Ostro\u0142\u0119ka<\/span><\/span><\/span><\/article><\/div><\/div><\/div>\n","protected":false},"excerpt":{"rendered":"","protected":false},"author":1,"featured_media":0,"parent":0,"menu_order":0,"comment_status":"closed","ping_status":"closed","template":"","meta":{"footnotes":""},"class_list":["post-3315","page","type-page","status-publish","hentry"],"_links":{"self":[{"href":"https:\/\/arsmusic.pl\/index.php\/wp-json\/wp\/v2\/pages\/3315","targetHints":{"allow":["GET"]}}],"collection":[{"href":"https:\/\/arsmusic.pl\/index.php\/wp-json\/wp\/v2\/pages"}],"about":[{"href":"https:\/\/arsmusic.pl\/index.php\/wp-json\/wp\/v2\/types\/page"}],"author":[{"embeddable":true,"href":"https:\/\/arsmusic.pl\/index.php\/wp-json\/wp\/v2\/users\/1"}],"replies":[{"embeddable":true,"href":"https:\/\/arsmusic.pl\/index.php\/wp-json\/wp\/v2\/comments?post=3315"}],"version-history":[{"count":17,"href":"https:\/\/arsmusic.pl\/index.php\/wp-json\/wp\/v2\/pages\/3315\/revisions"}],"predecessor-version":[{"id":3855,"href":"https:\/\/arsmusic.pl\/index.php\/wp-json\/wp\/v2\/pages\/3315\/revisions\/3855"}],"wp:attachment":[{"href":"https:\/\/arsmusic.pl\/index.php\/wp-json\/wp\/v2\/media?parent=3315"}],"curies":[{"name":"wp","href":"https:\/\/api.w.org\/{rel}","templated":true}]}}