{"id":3815,"date":"2025-01-17T10:08:44","date_gmt":"2025-01-17T10:08:44","guid":{"rendered":"https:\/\/arsmusic.pl\/?page_id=3815"},"modified":"2025-02-07T09:47:29","modified_gmt":"2025-02-07T09:47:29","slug":"aktualnosci","status":"publish","type":"page","link":"https:\/\/arsmusic.pl\/index.php\/aktualnosci\/","title":{"rendered":"AKTUALNO\u015aCI"},"content":{"rendered":"<div  data-slideshow-options=\"{&quot;animation&quot;:&quot;fade&quot;,&quot;autoplay&quot;:false,&quot;loop_autoplay&quot;:&quot;once&quot;,&quot;interval&quot;:5,&quot;loop_manual&quot;:&quot;manual-endless&quot;,&quot;autoplay_stopper&quot;:false,&quot;noNavigation&quot;:false,&quot;show_slide_delay&quot;:90}\" class='avia-content-slider avia-content-grid-active avia-content-slider1 avia-content-slider-even  avia-builder-el-0  avia-builder-el-no-sibling  av-slideshow-ui av-control-default   av-no-slider-navigation av-slideshow-manual av-loop-once av-loop-manual-endless '  itemscope=\"itemscope\" itemtype=\"https:\/\/schema.org\/Blog\" ><div class=\"avia-content-slider-inner\"><div class=\"slide-entry-wrap\"><article class='slide-entry flex_column  post-entry post-entry-3787 slide-entry-overview slide-loop-1 slide-parity-odd  av_one_fourth first real-thumbnail posttype-post post-format-standard'  itemscope=\"itemscope\" itemtype=\"https:\/\/schema.org\/CreativeWork\" ><a href='https:\/\/arsmusic.pl\/index.php\/2025\/01\/17\/z-poczatkiem-grudnia-ruszyla-promocja-albumu-mrozna-cisza-polish-carols\/' data-rel='slide-1' class='slide-image' title='Z pocz\u0105tkiem grudnia ruszy\u0142a promocja albumu \u201eMro\u017ana Cisza Polish Carols\u201d'><img decoding=\"async\" fetchpriority=\"high\" width=\"260\" height=\"185\" src=\"https:\/\/arsmusic.pl\/wp-content\/uploads\/2025\/01\/agata-ruminska-SM-PL2-260x185.jpg\" class=\"wp-image-3789 avia-img-lazy-loading-not-3789 attachment-portfolio_small size-portfolio_small wp-post-image\" alt=\"\" \/><\/a><div class=\"slide-content\"><header class=\"entry-content-header\" aria-label=\"Slide: Z pocz\u0105tkiem grudnia ruszy\u0142a promocja albumu \u201eMro\u017ana Cisza Polish Carols\u201d\"><h3 class='slide-entry-title entry-title '  itemprop=\"headline\" ><a href='https:\/\/arsmusic.pl\/index.php\/2025\/01\/17\/z-poczatkiem-grudnia-ruszyla-promocja-albumu-mrozna-cisza-polish-carols\/' title='Z pocz\u0105tkiem grudnia ruszy\u0142a promocja albumu \u201eMro\u017ana Cisza Polish Carols\u201d'>Z pocz\u0105tkiem grudnia ruszy\u0142a promocja albumu \u201eMro\u017ana Cisza Polish Carols\u201d<\/a><\/h3><span class=\"av-vertical-delimiter\"><\/span><\/header><div class=\"slide-meta\"><time class='slide-meta-time updated'  itemprop=\"datePublished\" datetime=\"2025-01-17T08:59:00+01:00\" >17\/01\/2025<\/time><\/div><div class='slide-entry-excerpt entry-content'  itemprop=\"text\" >\nZ pocz\u0105tkiem grudnia ruszy\u0142a promocja albumu \u201eMro\u017ana Cisza\u2026<\/div><\/div><footer class=\"entry-footer\"><\/footer><span class='hidden'>\n\t\t\t\t<span class='av-structured-data'  itemprop=\"image\" itemscope=\"itemscope\" itemtype=\"https:\/\/schema.org\/ImageObject\" >\n\t\t\t\t\t\t<span itemprop='url'>https:\/\/arsmusic.pl\/wp-content\/uploads\/2025\/01\/agata-ruminska-SM-PL2.jpg<\/span>\n\t\t\t\t\t\t<span itemprop='height'>1596<\/span>\n\t\t\t\t\t\t<span itemprop='width'>1276<\/span>\n\t\t\t\t<\/span>\n\t\t\t\t<span class='av-structured-data'  itemprop=\"publisher\" itemtype=\"https:\/\/schema.org\/Organization\" itemscope=\"itemscope\" >\n\t\t\t\t\t\t<span itemprop='name'>admin<\/span>\n\t\t\t\t\t\t<span itemprop='logo' itemscope itemtype='https:\/\/schema.org\/ImageObject'>\n\t\t\t\t\t\t\t<span itemprop='url'>https:\/\/arsmusic.pl\/wp-content\/uploads\/2024\/12\/logo-white-2-300x138.png<\/span>\n\t\t\t\t\t\t<\/span>\n\t\t\t\t<\/span><span class='av-structured-data'  itemprop=\"author\" itemscope=\"itemscope\" itemtype=\"https:\/\/schema.org\/Person\" ><span itemprop='name'>admin<\/span><\/span><span class='av-structured-data'  itemprop=\"datePublished\" datetime=\"2025-01-17T10:08:44+01:00\" >2025-01-17 08:59:00<\/span><span class='av-structured-data'  itemprop=\"dateModified\" itemtype=\"https:\/\/schema.org\/dateModified\" >2025-05-08 10:13:01<\/span><span class='av-structured-data'  itemprop=\"mainEntityOfPage\" itemtype=\"https:\/\/schema.org\/mainEntityOfPage\" ><span itemprop='name'>Z pocz\u0105tkiem grudnia ruszy\u0142a promocja albumu \u201eMro\u017ana Cisza Polish Carols\u201d<\/span><\/span><\/span><\/article><article class='slide-entry flex_column  post-entry post-entry-3813 slide-entry-overview slide-loop-2 slide-parity-even  av_one_fourth  real-thumbnail posttype-post post-format-standard'  itemscope=\"itemscope\" itemtype=\"https:\/\/schema.org\/CreativeWork\" ><a href='https:\/\/arsmusic.pl\/index.php\/2023\/09\/01\/kurtyna-idzie-w-gore-2\/' data-rel='slide-1' class='slide-image' title='W grodzie ksi\u0119\u017cniczki Libuszy'><img decoding=\"async\" fetchpriority=\"high\" width=\"260\" height=\"185\" src=\"https:\/\/arsmusic.pl\/wp-content\/uploads\/2022\/12\/W-grodzie-ksiezniczki-Libuszy-260x185.jpg\" class=\"wp-image-4135 avia-img-lazy-loading-not-4135 attachment-portfolio_small size-portfolio_small wp-post-image\" alt=\"\" \/><\/a><div class=\"slide-content\"><header class=\"entry-content-header\" aria-label=\"Slide: W grodzie ksi\u0119\u017cniczki Libuszy\"><h3 class='slide-entry-title entry-title '  itemprop=\"headline\" ><a href='https:\/\/arsmusic.pl\/index.php\/2023\/09\/01\/kurtyna-idzie-w-gore-2\/' title='W grodzie ksi\u0119\u017cniczki Libuszy'>W grodzie ksi\u0119\u017cniczki Libuszy<\/a><\/h3><span class=\"av-vertical-delimiter\"><\/span><\/header><div class=\"slide-meta\"><time class='slide-meta-time updated'  itemprop=\"datePublished\" datetime=\"2023-09-01T10:02:00+02:00\" >01\/09\/2023<\/time><\/div><div class='slide-entry-excerpt entry-content'  itemprop=\"text\" >\n\n\n\n24 wrze\u015bnia 2023 r. w Filharmonii Narodowej odb\u0119dzie si\u0119\u2026<\/div><\/div><footer class=\"entry-footer\"><\/footer><span class='hidden'>\n\t\t\t\t<span class='av-structured-data'  itemprop=\"image\" itemscope=\"itemscope\" itemtype=\"https:\/\/schema.org\/ImageObject\" >\n\t\t\t\t\t\t<span itemprop='url'>https:\/\/arsmusic.pl\/wp-content\/uploads\/2022\/12\/W-grodzie-ksiezniczki-Libuszy-scaled.jpg<\/span>\n\t\t\t\t\t\t<span itemprop='height'>1751<\/span>\n\t\t\t\t\t\t<span itemprop='width'>2560<\/span>\n\t\t\t\t<\/span>\n\t\t\t\t<span class='av-structured-data'  itemprop=\"publisher\" itemtype=\"https:\/\/schema.org\/Organization\" itemscope=\"itemscope\" >\n\t\t\t\t\t\t<span itemprop='name'>admin<\/span>\n\t\t\t\t\t\t<span itemprop='logo' itemscope itemtype='https:\/\/schema.org\/ImageObject'>\n\t\t\t\t\t\t\t<span itemprop='url'>https:\/\/arsmusic.pl\/wp-content\/uploads\/2024\/12\/logo-white-2-300x138.png<\/span>\n\t\t\t\t\t\t<\/span>\n\t\t\t\t<\/span><span class='av-structured-data'  itemprop=\"author\" itemscope=\"itemscope\" itemtype=\"https:\/\/schema.org\/Person\" ><span itemprop='name'>admin<\/span><\/span><span class='av-structured-data'  itemprop=\"datePublished\" datetime=\"2025-01-17T10:08:44+01:00\" >2023-09-01 10:02:00<\/span><span class='av-structured-data'  itemprop=\"dateModified\" itemtype=\"https:\/\/schema.org\/dateModified\" >2025-05-20 11:23:46<\/span><span class='av-structured-data'  itemprop=\"mainEntityOfPage\" itemtype=\"https:\/\/schema.org\/mainEntityOfPage\" ><span itemprop='name'>W grodzie ksi\u0119\u017cniczki Libuszy<\/span><\/span><\/span><\/article><article class='slide-entry flex_column  post-entry post-entry-3733 slide-entry-overview slide-loop-3 slide-parity-odd  av_one_fourth  real-thumbnail posttype-post post-format-standard'  itemscope=\"itemscope\" itemtype=\"https:\/\/schema.org\/CreativeWork\" ><a href='https:\/\/arsmusic.pl\/index.php\/2022\/12\/22\/promocja-plyty-mrozna-cisza-polish-carols\/' data-rel='slide-1' class='slide-image' title='Promocja p\u0142yty &#8222;Mro\u017ana Cisza Polish Carols&#8221;'><img decoding=\"async\" fetchpriority=\"high\" width=\"260\" height=\"185\" src=\"https:\/\/arsmusic.pl\/wp-content\/uploads\/2025\/01\/plakat-do-aktualnosci-koncert-w-Archikatedrze-Lub-260x185.jpg\" class=\"wp-image-3737 avia-img-lazy-loading-not-3737 attachment-portfolio_small size-portfolio_small wp-post-image\" alt=\"\" \/><\/a><div class=\"slide-content\"><header class=\"entry-content-header\" aria-label=\"Slide: Promocja p\u0142yty &quot;Mro\u017ana Cisza Polish Carols&quot;\"><h3 class='slide-entry-title entry-title '  itemprop=\"headline\" ><a href='https:\/\/arsmusic.pl\/index.php\/2022\/12\/22\/promocja-plyty-mrozna-cisza-polish-carols\/' title='Promocja p\u0142yty &#8222;Mro\u017ana Cisza Polish Carols&#8221;'>Promocja p\u0142yty &#8222;Mro\u017ana Cisza Polish Carols&#8221;<\/a><\/h3><span class=\"av-vertical-delimiter\"><\/span><\/header><div class=\"slide-meta\"><time class='slide-meta-time updated'  itemprop=\"datePublished\" datetime=\"2022-12-22T12:19:00+01:00\" >22\/12\/2022<\/time><\/div><div class='slide-entry-excerpt entry-content'  itemprop=\"text\" >Promocja p\u0142yty \"Mro\u017ana Cisza Polish Carols\" <\/div><\/div><footer class=\"entry-footer\"><\/footer><span class='hidden'>\n\t\t\t\t<span class='av-structured-data'  itemprop=\"image\" itemscope=\"itemscope\" itemtype=\"https:\/\/schema.org\/ImageObject\" >\n\t\t\t\t\t\t<span itemprop='url'>https:\/\/arsmusic.pl\/wp-content\/uploads\/2025\/01\/plakat-do-aktualnosci-koncert-w-Archikatedrze-Lub-scaled.jpg<\/span>\n\t\t\t\t\t\t<span itemprop='height'>2560<\/span>\n\t\t\t\t\t\t<span itemprop='width'>1810<\/span>\n\t\t\t\t<\/span>\n\t\t\t\t<span class='av-structured-data'  itemprop=\"publisher\" itemtype=\"https:\/\/schema.org\/Organization\" itemscope=\"itemscope\" >\n\t\t\t\t\t\t<span itemprop='name'>admin<\/span>\n\t\t\t\t\t\t<span itemprop='logo' itemscope itemtype='https:\/\/schema.org\/ImageObject'>\n\t\t\t\t\t\t\t<span itemprop='url'>https:\/\/arsmusic.pl\/wp-content\/uploads\/2024\/12\/logo-white-2-300x138.png<\/span>\n\t\t\t\t\t\t<\/span>\n\t\t\t\t<\/span><span class='av-structured-data'  itemprop=\"author\" itemscope=\"itemscope\" itemtype=\"https:\/\/schema.org\/Person\" ><span itemprop='name'>admin<\/span><\/span><span class='av-structured-data'  itemprop=\"datePublished\" datetime=\"2025-01-17T10:08:44+01:00\" >2022-12-22 12:19:00<\/span><span class='av-structured-data'  itemprop=\"dateModified\" itemtype=\"https:\/\/schema.org\/dateModified\" >2025-05-08 11:45:20<\/span><span class='av-structured-data'  itemprop=\"mainEntityOfPage\" itemtype=\"https:\/\/schema.org\/mainEntityOfPage\" ><span itemprop='name'>Promocja p\u0142yty &#8222;Mro\u017ana Cisza Polish Carols&#8221;<\/span><\/span><\/span><\/article><article class='slide-entry flex_column  post-entry post-entry-649 slide-entry-overview slide-loop-4 slide-parity-even  av_one_fourth  real-thumbnail posttype-post post-format-standard'  itemscope=\"itemscope\" itemtype=\"https:\/\/schema.org\/CreativeWork\" ><a href='https:\/\/arsmusic.pl\/index.php\/2022\/12\/09\/mrozna-cisza-historia-o-bozym-narodzeniu\/' data-rel='slide-1' class='slide-image' title='\u201eMro\u017ana cisza\u201d \u2013 historia o Bo\u017cym Narodzeniu'><img decoding=\"async\" fetchpriority=\"high\" width=\"260\" height=\"185\" src=\"https:\/\/arsmusic.pl\/wp-content\/uploads\/2022\/12\/\u201eMrozna-cisza-\u2013-historia-o-Bozym-Narodzeniu__-260x185.jpg\" class=\"wp-image-4134 avia-img-lazy-loading-not-4134 attachment-portfolio_small size-portfolio_small wp-post-image\" alt=\"\" \/><\/a><div class=\"slide-content\"><header class=\"entry-content-header\" aria-label=\"Slide: \u201eMro\u017ana cisza\u201d \u2013 historia o Bo\u017cym Narodzeniu\"><h3 class='slide-entry-title entry-title '  itemprop=\"headline\" ><a href='https:\/\/arsmusic.pl\/index.php\/2022\/12\/09\/mrozna-cisza-historia-o-bozym-narodzeniu\/' title='\u201eMro\u017ana cisza\u201d \u2013 historia o Bo\u017cym Narodzeniu'>\u201eMro\u017ana cisza\u201d \u2013 historia o Bo\u017cym Narodzeniu<\/a><\/h3><span class=\"av-vertical-delimiter\"><\/span><\/header><div class=\"slide-meta\"><time class='slide-meta-time updated'  itemprop=\"datePublished\" datetime=\"2022-12-09T10:35:00+01:00\" >09\/12\/2022<\/time><\/div><div class='slide-entry-excerpt entry-content'  itemprop=\"text\" >\nNa muzycznym rynku ukaza\u0142a\u00a0si\u0119 w\u0142a\u015bnie pierwsza p\u0142yta\u2026<\/div><\/div><footer class=\"entry-footer\"><\/footer><span class='hidden'>\n\t\t\t\t<span class='av-structured-data'  itemprop=\"image\" itemscope=\"itemscope\" itemtype=\"https:\/\/schema.org\/ImageObject\" >\n\t\t\t\t\t\t<span itemprop='url'>https:\/\/arsmusic.pl\/wp-content\/uploads\/2022\/12\/\u201eMrozna-cisza-\u2013-historia-o-Bozym-Narodzeniu__.jpg<\/span>\n\t\t\t\t\t\t<span itemprop='height'>1216<\/span>\n\t\t\t\t\t\t<span itemprop='width'>1069<\/span>\n\t\t\t\t<\/span>\n\t\t\t\t<span class='av-structured-data'  itemprop=\"publisher\" itemtype=\"https:\/\/schema.org\/Organization\" itemscope=\"itemscope\" >\n\t\t\t\t\t\t<span itemprop='name'>admin<\/span>\n\t\t\t\t\t\t<span itemprop='logo' itemscope itemtype='https:\/\/schema.org\/ImageObject'>\n\t\t\t\t\t\t\t<span itemprop='url'>https:\/\/arsmusic.pl\/wp-content\/uploads\/2024\/12\/logo-white-2-300x138.png<\/span>\n\t\t\t\t\t\t<\/span>\n\t\t\t\t<\/span><span class='av-structured-data'  itemprop=\"author\" itemscope=\"itemscope\" itemtype=\"https:\/\/schema.org\/Person\" ><span itemprop='name'>admin<\/span><\/span><span class='av-structured-data'  itemprop=\"datePublished\" datetime=\"2025-01-17T10:08:44+01:00\" >2022-12-09 10:35:00<\/span><span class='av-structured-data'  itemprop=\"dateModified\" itemtype=\"https:\/\/schema.org\/dateModified\" >2025-05-20 11:22:46<\/span><span class='av-structured-data'  itemprop=\"mainEntityOfPage\" itemtype=\"https:\/\/schema.org\/mainEntityOfPage\" ><span itemprop='name'>\u201eMro\u017ana cisza\u201d \u2013 historia o Bo\u017cym Narodzeniu<\/span><\/span><\/span><\/article><\/div><div class=\"slide-entry-wrap\"><article class='slide-entry flex_column  post-entry post-entry-651 slide-entry-overview slide-loop-5 slide-parity-odd  av_one_fourth first real-thumbnail posttype-post post-format-standard'  itemscope=\"itemscope\" itemtype=\"https:\/\/schema.org\/CreativeWork\" ><a href='https:\/\/arsmusic.pl\/index.php\/2022\/12\/07\/kurtyna-idzie-w-gore\/' data-rel='slide-1' class='slide-image' title='Kurtyna idzie w g\u00f3r\u0119'><img decoding=\"async\" fetchpriority=\"high\" width=\"260\" height=\"185\" src=\"https:\/\/arsmusic.pl\/wp-content\/uploads\/2022\/12\/orchestra-3440397_1280-260x185.jpg\" class=\"wp-image-3785 avia-img-lazy-loading-not-3785 attachment-portfolio_small size-portfolio_small wp-post-image\" alt=\"\" \/><\/a><div class=\"slide-content\"><header class=\"entry-content-header\" aria-label=\"Slide: Kurtyna idzie w g\u00f3r\u0119\"><h3 class='slide-entry-title entry-title '  itemprop=\"headline\" ><a href='https:\/\/arsmusic.pl\/index.php\/2022\/12\/07\/kurtyna-idzie-w-gore\/' title='Kurtyna idzie w g\u00f3r\u0119'>Kurtyna idzie w g\u00f3r\u0119<\/a><\/h3><span class=\"av-vertical-delimiter\"><\/span><\/header><div class=\"slide-meta\"><time class='slide-meta-time updated'  itemprop=\"datePublished\" datetime=\"2022-12-07T10:35:00+01:00\" >07\/12\/2022<\/time><\/div><div class='slide-entry-excerpt entry-content'  itemprop=\"text\" >\n12 lutego 2023 r. w Filharmonii Narodowej odb\u0119dzie si\u0119 kolejny\u2026<\/div><\/div><footer class=\"entry-footer\"><\/footer><span class='hidden'>\n\t\t\t\t<span class='av-structured-data'  itemprop=\"image\" itemscope=\"itemscope\" itemtype=\"https:\/\/schema.org\/ImageObject\" >\n\t\t\t\t\t\t<span itemprop='url'>https:\/\/arsmusic.pl\/wp-content\/uploads\/2022\/12\/orchestra-3440397_1280.jpg<\/span>\n\t\t\t\t\t\t<span itemprop='height'>853<\/span>\n\t\t\t\t\t\t<span itemprop='width'>1280<\/span>\n\t\t\t\t<\/span>\n\t\t\t\t<span class='av-structured-data'  itemprop=\"publisher\" itemtype=\"https:\/\/schema.org\/Organization\" itemscope=\"itemscope\" >\n\t\t\t\t\t\t<span itemprop='name'>admin<\/span>\n\t\t\t\t\t\t<span itemprop='logo' itemscope itemtype='https:\/\/schema.org\/ImageObject'>\n\t\t\t\t\t\t\t<span itemprop='url'>https:\/\/arsmusic.pl\/wp-content\/uploads\/2024\/12\/logo-white-2-300x138.png<\/span>\n\t\t\t\t\t\t<\/span>\n\t\t\t\t<\/span><span class='av-structured-data'  itemprop=\"author\" itemscope=\"itemscope\" itemtype=\"https:\/\/schema.org\/Person\" ><span itemprop='name'>admin<\/span><\/span><span class='av-structured-data'  itemprop=\"datePublished\" datetime=\"2025-01-17T10:08:44+01:00\" >2022-12-07 10:35:00<\/span><span class='av-structured-data'  itemprop=\"dateModified\" itemtype=\"https:\/\/schema.org\/dateModified\" >2025-05-08 10:10:14<\/span><span class='av-structured-data'  itemprop=\"mainEntityOfPage\" itemtype=\"https:\/\/schema.org\/mainEntityOfPage\" ><span itemprop='name'>Kurtyna idzie w g\u00f3r\u0119<\/span><\/span><\/span><\/article><article class='slide-entry flex_column  post-entry post-entry-653 slide-entry-overview slide-loop-6 slide-parity-even  post-entry-last  av_one_fourth  real-thumbnail posttype-post post-format-standard'  itemscope=\"itemscope\" itemtype=\"https:\/\/schema.org\/CreativeWork\" ><a href='https:\/\/arsmusic.pl\/index.php\/2022\/12\/05\/mrozna-cisza-wydawnictwo-z-koledami-2\/' data-rel='slide-1' class='slide-image' title='Mro\u017ana cisza \u2013 wydawnictwo z kol\u0119dami'><img decoding=\"async\" fetchpriority=\"high\" width=\"260\" height=\"185\" src=\"https:\/\/arsmusic.pl\/wp-content\/uploads\/2024\/12\/Okladka-plyty-260x185.jpg\" class=\"wp-image-628 avia-img-lazy-loading-not-628 attachment-portfolio_small size-portfolio_small wp-post-image\" alt=\"Ok\u0142adka p\u0142yty\" \/><\/a><div class=\"slide-content\"><header class=\"entry-content-header\" aria-label=\"Slide: Mro\u017ana cisza \u2013 wydawnictwo z kol\u0119dami\"><h3 class='slide-entry-title entry-title '  itemprop=\"headline\" ><a href='https:\/\/arsmusic.pl\/index.php\/2022\/12\/05\/mrozna-cisza-wydawnictwo-z-koledami-2\/' title='Mro\u017ana cisza \u2013 wydawnictwo z kol\u0119dami'>Mro\u017ana cisza \u2013 wydawnictwo z kol\u0119dami<\/a><\/h3><span class=\"av-vertical-delimiter\"><\/span><\/header><div class=\"slide-meta\"><time class='slide-meta-time updated'  itemprop=\"datePublished\" datetime=\"2022-12-05T10:37:00+01:00\" >05\/12\/2022<\/time><\/div><div class='slide-entry-excerpt entry-content'  itemprop=\"text\" >\nOd pocz\u0105tku bie\u017c\u0105cego roku trwaj\u0105 prac\u0119 nad wydaniem p\u0142yty\u2026<\/div><\/div><footer class=\"entry-footer\"><\/footer><span class='hidden'>\n\t\t\t\t<span class='av-structured-data'  itemprop=\"image\" itemscope=\"itemscope\" itemtype=\"https:\/\/schema.org\/ImageObject\" >\n\t\t\t\t\t\t<span itemprop='url'>https:\/\/arsmusic.pl\/wp-content\/uploads\/2024\/12\/Okladka-plyty.jpg<\/span>\n\t\t\t\t\t\t<span itemprop='height'>729<\/span>\n\t\t\t\t\t\t<span itemprop='width'>736<\/span>\n\t\t\t\t<\/span>\n\t\t\t\t<span class='av-structured-data'  itemprop=\"publisher\" itemtype=\"https:\/\/schema.org\/Organization\" itemscope=\"itemscope\" >\n\t\t\t\t\t\t<span itemprop='name'>admin<\/span>\n\t\t\t\t\t\t<span itemprop='logo' itemscope itemtype='https:\/\/schema.org\/ImageObject'>\n\t\t\t\t\t\t\t<span itemprop='url'>https:\/\/arsmusic.pl\/wp-content\/uploads\/2024\/12\/logo-white-2-300x138.png<\/span>\n\t\t\t\t\t\t<\/span>\n\t\t\t\t<\/span><span class='av-structured-data'  itemprop=\"author\" itemscope=\"itemscope\" itemtype=\"https:\/\/schema.org\/Person\" ><span itemprop='name'>admin<\/span><\/span><span class='av-structured-data'  itemprop=\"datePublished\" datetime=\"2025-01-17T10:08:44+01:00\" >2022-12-05 10:37:00<\/span><span class='av-structured-data'  itemprop=\"dateModified\" itemtype=\"https:\/\/schema.org\/dateModified\" >2025-05-08 10:32:34<\/span><span class='av-structured-data'  itemprop=\"mainEntityOfPage\" itemtype=\"https:\/\/schema.org\/mainEntityOfPage\" ><span itemprop='name'>Mro\u017ana cisza \u2013 wydawnictwo z kol\u0119dami<\/span><\/span><\/span><\/article><\/div><\/div><\/div>\n","protected":false},"excerpt":{"rendered":"","protected":false},"author":1,"featured_media":0,"parent":0,"menu_order":0,"comment_status":"closed","ping_status":"closed","template":"","meta":{"footnotes":""},"class_list":["post-3815","page","type-page","status-publish","hentry"],"_links":{"self":[{"href":"https:\/\/arsmusic.pl\/index.php\/wp-json\/wp\/v2\/pages\/3815","targetHints":{"allow":["GET"]}}],"collection":[{"href":"https:\/\/arsmusic.pl\/index.php\/wp-json\/wp\/v2\/pages"}],"about":[{"href":"https:\/\/arsmusic.pl\/index.php\/wp-json\/wp\/v2\/types\/page"}],"author":[{"embeddable":true,"href":"https:\/\/arsmusic.pl\/index.php\/wp-json\/wp\/v2\/users\/1"}],"replies":[{"embeddable":true,"href":"https:\/\/arsmusic.pl\/index.php\/wp-json\/wp\/v2\/comments?post=3815"}],"version-history":[{"count":7,"href":"https:\/\/arsmusic.pl\/index.php\/wp-json\/wp\/v2\/pages\/3815\/revisions"}],"predecessor-version":[{"id":3971,"href":"https:\/\/arsmusic.pl\/index.php\/wp-json\/wp\/v2\/pages\/3815\/revisions\/3971"}],"wp:attachment":[{"href":"https:\/\/arsmusic.pl\/index.php\/wp-json\/wp\/v2\/media?parent=3815"}],"curies":[{"name":"wp","href":"https:\/\/api.w.org\/{rel}","templated":true}]}}